{"id":828,"date":"2017-03-29T13:02:10","date_gmt":"2017-03-29T13:02:10","guid":{"rendered":"https:\/\/newnotio.fuelthemes.net\/perfectus\/?page_id=317"},"modified":"2024-09-03T08:46:26","modified_gmt":"2024-09-03T06:46:26","slug":"about","status":"publish","type":"page","link":"https:\/\/dufourbenjamin.com\/music\/about\/","title":{"rendered":"\u00c0 propos"},"content":{"rendered":"[vc_row thb_full_width=\u00a0\u00bbtrue\u00a0\u00bb thb_row_padding=\u00a0\u00bbtrue\u00a0\u00bb full_height=\u00a0\u00bbtrue\u00a0\u00bb columns_placement=\u00a0\u00bbtop\u00a0\u00bb][vc_column width=\u00a0\u00bb1\/2&Prime; css=\u00a0\u00bb.vc_custom_1725345981216{padding-top: 30% !important;padding-bottom: 30% !important;background-image: url(https:\/\/dufourbenjamin.com\/music\/wp-content\/uploads\/sites\/3\/2024\/09\/dufour-benjamin-db-music-portrait-upside-down.jpg?id=1500) !important;background-position: center !important;background-repeat: no-repeat !important;background-size: cover !important;}\u00a0\u00bb][\/vc_column][vc_column thb_color=\u00a0\u00bbthb-light-column\u00a0\u00bb width=\u00a0\u00bb1\/2&Prime; css=\u00a0\u00bb.vc_custom_1490792567043{padding: 10% !important;background-color: #181818 !important;}\u00a0\u00bb][vc_column_text]\n<h6>COMPOSITEUR<\/h6>\n<h1>BENJAMIN DUFOUR<\/h1>\n<p>Apr\u00e8s avoir \u00e9tudi\u00e9 la fl\u00fbte-\u00e0-bec baroque et le saxophone, Benjamin Dufour commence la composition aupr\u00e8s de Philippe Venant dans les ann\u00e9es 90 explorant la bossa nova, le jazz, puis les musiques contemporaines et les arts sonores au cours d\u2019un cursus de 5 ans \u00e0 l\u2019\u00c9cole Sup\u00e9rieure de l\u2019Image d\u2019Angoul\u00eame. Ce passage en \u00e9cole d\u2019art lui donne l\u2019occasion de d\u00e9velopper une pratique plastique et de nombreuses collaborations, y compris pour la musique de films d\u2019animation.<\/p>\n<p>Toujours \u00e0 la crois\u00e9e des chemins entre les arts visuels, la sculpture, l\u2019installation, la composition musicale ou la musique exp\u00e9rimentale, pendant plus d\u2019une dizaine d\u2019ann\u00e9e, il diffuse son travail \u00e0 travers des publications, des expositions, des performances, participe \u00e0 de nombreuses r\u00e9sidences et \u00e0 quelques commandes publiques. Son langage sonore m\u00eale autant des formes na\u00efves, m\u00e9lodies enfantines ou caricaturales et des aventures minimalistes ou radicales. Il collabore \u00e0 plusieurs reprises avec Michel Bananes Jr pour explorer la musique d\u2019ascenseur mise en situation dans les ascenseurs de la Kunsthalle Mulhouse (Fr) ou la maison de soins Geenzebl\u00e9i \u00e0 Wiltz (Lu).<\/p>\n<p>Il reprend petit-\u00e0-petit la pratique instrumentale avec des cours de piano et de batterie, et s\u2019adonne \u00e0 de nouvelles exp\u00e9riences de composition, \u00e0 la cr\u00e9ation radiophonique, aux synth\u00e9tiseurs\u2026 Install\u00e9 \u00e0 La Hulpe, \u00e0 proximit\u00e9 de Bruxelles depuis 2020, il cr\u00e9\u00e9 le Bart Dador Studio pour regrouper ses activit\u00e9s sonores et musicales.<\/p>\n<p>En parall\u00e8le et depuis 2014, collaborant de plus en plus avec des architectes et des artisans, il d\u00e9veloppe une activit\u00e9 de designer dont vous pouvez d\u00e9couvrir le travail sur l\u2019autre volet de ce site internet d\u00e9di\u00e9 au design : <a href=\"https:\/\/dufourbenjamin.com\/design\">https:\/\/dufourbenjamin.com\/design<\/a>.[\/vc_column_text][\/vc_column][\/vc_row]\n","protected":false},"excerpt":{"rendered":"<p>[vc_row thb_full_width=\u00a0\u00bbtrue\u00a0\u00bb thb_row_padding=\u00a0\u00bbtrue\u00a0\u00bb full_height=\u00a0\u00bbtrue\u00a0\u00bb columns_placement=\u00a0\u00bbtop\u00a0\u00bb][vc_column width=\u00a0\u00bb1\/2&Prime; css=\u00a0\u00bb.vc_custom_1725345981216{padding-top: 30% !important;padding-bottom: 30% !important;background-image: url(https:\/\/dufourbenjamin.com\/music\/wp-content\/uploads\/sites\/3\/2024\/09\/dufour-benjamin-db-music-portrait-upside-down.jpg?id=1500) !important;background-position: center !important;background-repeat: no-repeat !important;background-size: cover !important;}\u00a0\u00bb][\/vc_column][vc_column thb_color=\u00a0\u00bbthb-light-column\u00a0\u00bb width=\u00a0\u00bb1\/2&Prime; css=\u00a0\u00bb.vc_custom_1490792567043{padding: 10% !important;background-color: #181818 !important;}\u00a0\u00bb][vc_column_text] COMPOSITEUR BENJAMIN DUFOUR Apr\u00e8s avoir \u00e9tudi\u00e9 la fl\u00fbte-\u00e0-bec baroque et le saxophone, Benjamin Dufour commence la composition aupr\u00e8s de Philippe Venant dans les ann\u00e9es 90 explorant la bossa nova,&hellip;<\/p>\n","protected":false},"author":1,"featured_media":0,"parent":0,"menu_order":0,"comment_status":"closed","ping_status":"closed","template":"","meta":{"footnotes":""},"class_list":["post-828","page","type-page","status-publish","hentry"],"yoast_head":"<!-- This site is optimized with the Yoast SEO plugin v26.7 - https:\/\/yoast.com\/wordpress\/plugins\/seo\/ -->\n<title>\u00c0 propos - Dufour Benjamin Music<\/title>\n<meta name=\"robots\" content=\"index, follow, max-snippet:-1, max-image-preview:large, max-video-preview:-1\" \/>\n<link rel=\"canonical\" href=\"https:\/\/dufourbenjamin.com\/music\/about\/\" \/>\n<meta property=\"og:locale\" content=\"fr_FR\" \/>\n<meta property=\"og:type\" content=\"article\" \/>\n<meta property=\"og:title\" content=\"\u00c0 propos - Dufour Benjamin Music\" \/>\n<meta property=\"og:description\" content=\"[vc_row thb_full_width=\u00a0\u00bbtrue\u00a0\u00bb thb_row_padding=\u00a0\u00bbtrue\u00a0\u00bb full_height=\u00a0\u00bbtrue\u00a0\u00bb columns_placement=\u00a0\u00bbtop\u00a0\u00bb][vc_column width=\u00a0\u00bb1\/2&Prime; css=\u00a0\u00bb.vc_custom_1725345981216{padding-top: 30% !important;padding-bottom: 30% !important;background-image: url(https:\/\/dufourbenjamin.com\/music\/wp-content\/uploads\/sites\/3\/2024\/09\/dufour-benjamin-db-music-portrait-upside-down.jpg?id=1500) !important;background-position: center !important;background-repeat: no-repeat !important;background-size: cover !important;}\u00a0\u00bb][\/vc_column][vc_column thb_color=\u00a0\u00bbthb-light-column\u00a0\u00bb width=\u00a0\u00bb1\/2&Prime; css=\u00a0\u00bb.vc_custom_1490792567043{padding: 10% !important;background-color: #181818 !important;}\u00a0\u00bb][vc_column_text] COMPOSITEUR BENJAMIN DUFOUR Apr\u00e8s avoir \u00e9tudi\u00e9 la fl\u00fbte-\u00e0-bec baroque et le saxophone, Benjamin Dufour commence la composition aupr\u00e8s de Philippe Venant dans les ann\u00e9es 90 explorant la bossa nova,&hellip;\" \/>\n<meta property=\"og:url\" content=\"https:\/\/dufourbenjamin.com\/music\/about\/\" \/>\n<meta property=\"og:site_name\" content=\"Dufour Benjamin Music\" \/>\n<meta property=\"article:publisher\" content=\"https:\/\/www.facebook.com\/bendufourmail\/\" \/>\n<meta property=\"article:modified_time\" content=\"2024-09-03T06:46:26+00:00\" \/>\n<meta name=\"twitter:label1\" content=\"Dur\u00e9e de lecture estim\u00e9e\" \/>\n\t<meta name=\"twitter:data1\" content=\"1 minute\" \/>\n<script type=\"application\/ld+json\" class=\"yoast-schema-graph\">{\"@context\":\"https:\/\/schema.org\",\"@graph\":[{\"@type\":\"WebPage\",\"@id\":\"https:\/\/dufourbenjamin.com\/music\/about\/\",\"url\":\"https:\/\/dufourbenjamin.com\/music\/about\/\",\"name\":\"\u00c0 propos - Dufour Benjamin Music\",\"isPartOf\":{\"@id\":\"https:\/\/dufourbenjamin.com\/music\/#website\"},\"datePublished\":\"2017-03-29T13:02:10+00:00\",\"dateModified\":\"2024-09-03T06:46:26+00:00\",\"breadcrumb\":{\"@id\":\"https:\/\/dufourbenjamin.com\/music\/about\/#breadcrumb\"},\"inLanguage\":\"fr-FR\",\"potentialAction\":[{\"@type\":\"ReadAction\",\"target\":[\"https:\/\/dufourbenjamin.com\/music\/about\/\"]}]},{\"@type\":\"BreadcrumbList\",\"@id\":\"https:\/\/dufourbenjamin.com\/music\/about\/#breadcrumb\",\"itemListElement\":[{\"@type\":\"ListItem\",\"position\":1,\"name\":\"Accueil\",\"item\":\"https:\/\/dufourbenjamin.com\/music\/\"},{\"@type\":\"ListItem\",\"position\":2,\"name\":\"\u00c0 propos\"}]},{\"@type\":\"WebSite\",\"@id\":\"https:\/\/dufourbenjamin.com\/music\/#website\",\"url\":\"https:\/\/dufourbenjamin.com\/music\/\",\"name\":\"Dufour Benjamin Music\",\"description\":\"recherches musicales et sonores\",\"publisher\":{\"@id\":\"https:\/\/dufourbenjamin.com\/music\/#organization\"},\"potentialAction\":[{\"@type\":\"SearchAction\",\"target\":{\"@type\":\"EntryPoint\",\"urlTemplate\":\"https:\/\/dufourbenjamin.com\/music\/?s={search_term_string}\"},\"query-input\":{\"@type\":\"PropertyValueSpecification\",\"valueRequired\":true,\"valueName\":\"search_term_string\"}}],\"inLanguage\":\"fr-FR\"},{\"@type\":\"Organization\",\"@id\":\"https:\/\/dufourbenjamin.com\/music\/#organization\",\"name\":\"Benjamin Dufour\",\"url\":\"https:\/\/dufourbenjamin.com\/music\/\",\"logo\":{\"@type\":\"ImageObject\",\"inLanguage\":\"fr-FR\",\"@id\":\"https:\/\/dufourbenjamin.com\/music\/#\/schema\/logo\/image\/\",\"url\":\"https:\/\/dufourbenjamin.com\/artwork\/wp-content\/uploads\/sites\/3\/2022\/02\/dufour-benjamin-db-logo.png\",\"contentUrl\":\"https:\/\/dufourbenjamin.com\/artwork\/wp-content\/uploads\/sites\/3\/2022\/02\/dufour-benjamin-db-logo.png\",\"width\":512,\"height\":512,\"caption\":\"Benjamin Dufour\"},\"image\":{\"@id\":\"https:\/\/dufourbenjamin.com\/music\/#\/schema\/logo\/image\/\"},\"sameAs\":[\"https:\/\/www.facebook.com\/bendufourmail\/\",\"https:\/\/www.instagram.com\/bdufour_design\/\",\"https:\/\/www.youtube.com\/user\/brainparadox\/\"]}]}<\/script>\n<!-- \/ Yoast SEO plugin. -->","yoast_head_json":{"title":"\u00c0 propos - Dufour Benjamin Music","robots":{"index":"index","follow":"follow","max-snippet":"max-snippet:-1","max-image-preview":"max-image-preview:large","max-video-preview":"max-video-preview:-1"},"canonical":"https:\/\/dufourbenjamin.com\/music\/about\/","og_locale":"fr_FR","og_type":"article","og_title":"\u00c0 propos - Dufour Benjamin Music","og_description":"[vc_row thb_full_width=\u00a0\u00bbtrue\u00a0\u00bb thb_row_padding=\u00a0\u00bbtrue\u00a0\u00bb full_height=\u00a0\u00bbtrue\u00a0\u00bb columns_placement=\u00a0\u00bbtop\u00a0\u00bb][vc_column width=\u00a0\u00bb1\/2&Prime; css=\u00a0\u00bb.vc_custom_1725345981216{padding-top: 30% !important;padding-bottom: 30% !important;background-image: url(https:\/\/dufourbenjamin.com\/music\/wp-content\/uploads\/sites\/3\/2024\/09\/dufour-benjamin-db-music-portrait-upside-down.jpg?id=1500) !important;background-position: center !important;background-repeat: no-repeat !important;background-size: cover !important;}\u00a0\u00bb][\/vc_column][vc_column thb_color=\u00a0\u00bbthb-light-column\u00a0\u00bb width=\u00a0\u00bb1\/2&Prime; css=\u00a0\u00bb.vc_custom_1490792567043{padding: 10% !important;background-color: #181818 !important;}\u00a0\u00bb][vc_column_text] COMPOSITEUR BENJAMIN DUFOUR Apr\u00e8s avoir \u00e9tudi\u00e9 la fl\u00fbte-\u00e0-bec baroque et le saxophone, Benjamin Dufour commence la composition aupr\u00e8s de Philippe Venant dans les ann\u00e9es 90 explorant la bossa nova,&hellip;","og_url":"https:\/\/dufourbenjamin.com\/music\/about\/","og_site_name":"Dufour Benjamin Music","article_publisher":"https:\/\/www.facebook.com\/bendufourmail\/","article_modified_time":"2024-09-03T06:46:26+00:00","twitter_misc":{"Dur\u00e9e de lecture estim\u00e9e":"1 minute"},"schema":{"@context":"https:\/\/schema.org","@graph":[{"@type":"WebPage","@id":"https:\/\/dufourbenjamin.com\/music\/about\/","url":"https:\/\/dufourbenjamin.com\/music\/about\/","name":"\u00c0 propos - Dufour Benjamin Music","isPartOf":{"@id":"https:\/\/dufourbenjamin.com\/music\/#website"},"datePublished":"2017-03-29T13:02:10+00:00","dateModified":"2024-09-03T06:46:26+00:00","breadcrumb":{"@id":"https:\/\/dufourbenjamin.com\/music\/about\/#breadcrumb"},"inLanguage":"fr-FR","potentialAction":[{"@type":"ReadAction","target":["https:\/\/dufourbenjamin.com\/music\/about\/"]}]},{"@type":"BreadcrumbList","@id":"https:\/\/dufourbenjamin.com\/music\/about\/#breadcrumb","itemListElement":[{"@type":"ListItem","position":1,"name":"Accueil","item":"https:\/\/dufourbenjamin.com\/music\/"},{"@type":"ListItem","position":2,"name":"\u00c0 propos"}]},{"@type":"WebSite","@id":"https:\/\/dufourbenjamin.com\/music\/#website","url":"https:\/\/dufourbenjamin.com\/music\/","name":"Dufour Benjamin Music","description":"recherches musicales et sonores","publisher":{"@id":"https:\/\/dufourbenjamin.com\/music\/#organization"},"potentialAction":[{"@type":"SearchAction","target":{"@type":"EntryPoint","urlTemplate":"https:\/\/dufourbenjamin.com\/music\/?s={search_term_string}"},"query-input":{"@type":"PropertyValueSpecification","valueRequired":true,"valueName":"search_term_string"}}],"inLanguage":"fr-FR"},{"@type":"Organization","@id":"https:\/\/dufourbenjamin.com\/music\/#organization","name":"Benjamin Dufour","url":"https:\/\/dufourbenjamin.com\/music\/","logo":{"@type":"ImageObject","inLanguage":"fr-FR","@id":"https:\/\/dufourbenjamin.com\/music\/#\/schema\/logo\/image\/","url":"https:\/\/dufourbenjamin.com\/artwork\/wp-content\/uploads\/sites\/3\/2022\/02\/dufour-benjamin-db-logo.png","contentUrl":"https:\/\/dufourbenjamin.com\/artwork\/wp-content\/uploads\/sites\/3\/2022\/02\/dufour-benjamin-db-logo.png","width":512,"height":512,"caption":"Benjamin Dufour"},"image":{"@id":"https:\/\/dufourbenjamin.com\/music\/#\/schema\/logo\/image\/"},"sameAs":["https:\/\/www.facebook.com\/bendufourmail\/","https:\/\/www.instagram.com\/bdufour_design\/","https:\/\/www.youtube.com\/user\/brainparadox\/"]}]}},"_links":{"self":[{"href":"https:\/\/dufourbenjamin.com\/music\/wp-json\/wp\/v2\/pages\/828","targetHints":{"allow":["GET"]}}],"collection":[{"href":"https:\/\/dufourbenjamin.com\/music\/wp-json\/wp\/v2\/pages"}],"about":[{"href":"https:\/\/dufourbenjamin.com\/music\/wp-json\/wp\/v2\/types\/page"}],"author":[{"embeddable":true,"href":"https:\/\/dufourbenjamin.com\/music\/wp-json\/wp\/v2\/users\/1"}],"replies":[{"embeddable":true,"href":"https:\/\/dufourbenjamin.com\/music\/wp-json\/wp\/v2\/comments?post=828"}],"version-history":[{"count":10,"href":"https:\/\/dufourbenjamin.com\/music\/wp-json\/wp\/v2\/pages\/828\/revisions"}],"predecessor-version":[{"id":1501,"href":"https:\/\/dufourbenjamin.com\/music\/wp-json\/wp\/v2\/pages\/828\/revisions\/1501"}],"wp:attachment":[{"href":"https:\/\/dufourbenjamin.com\/music\/wp-json\/wp\/v2\/media?parent=828"}],"curies":[{"name":"wp","href":"https:\/\/api.w.org\/{rel}","templated":true}]}}