{"id":1832,"date":"2014-06-28T11:00:02","date_gmt":"2014-06-28T09:00:02","guid":{"rendered":"http:\/\/dufourbenjamin.com\/design\/?post_type=portfolio&#038;p=1832"},"modified":"2022-02-05T00:31:51","modified_gmt":"2022-02-04T23:31:51","slug":"64-chandelles","status":"publish","type":"portfolio","link":"https:\/\/dufourbenjamin.com\/design\/portfolio\/64-chandelles\/","title":{"rendered":"64 chandelles"},"content":{"rendered":"\t\t<div data-elementor-type=\"wp-post\" data-elementor-id=\"1832\" class=\"elementor elementor-1832\">\n\t\t\t\t\t\t<section class=\"elementor-section elementor-top-section elementor-element elementor-element-78fa0541 elementor-section-full_width elementor-section-height-default elementor-section-height-default\" data-id=\"78fa0541\" data-element_type=\"section\">\n\t\t\t\t\t\t<div class=\"elementor-container elementor-column-gap-default\">\n\t\t\t\t\t<div class=\"elementor-column elementor-col-100 elementor-top-column elementor-element elementor-element-21ca5e43\" data-id=\"21ca5e43\" data-element_type=\"column\">\n\t\t\t<div class=\"elementor-widget-wrap elementor-element-populated\">\n\t\t\t\t\t\t<div class=\"elementor-element elementor-element-20d2c83 elementor-hidden-desktop elementor-hidden-tablet elementor-hidden-mobile elementor-widget elementor-widget-shortcode\" data-id=\"20d2c83\" data-element_type=\"widget\" data-widget_type=\"shortcode.default\">\n\t\t\t\t<div class=\"elementor-widget-container\">\n\t\t\t\t\t\t\t<div class=\"elementor-shortcode\"><div class=\"breadcrumb\" itemprop=\"breadcrumb\"><span><span><a href=\"https:\/\/dufourbenjamin.com\/design\/\">Accueil<\/a><\/span><\/span><\/div><\/div>\n\t\t\t\t\t\t<\/div>\n\t\t\t\t<\/div>\n\t\t\t\t<div class=\"elementor-element elementor-element-18afdad2 elementor-widget elementor-widget-heading\" data-id=\"18afdad2\" data-element_type=\"widget\" data-widget_type=\"heading.default\">\n\t\t\t\t<div class=\"elementor-widget-container\">\n\t\t\t\t\t<h4 class=\"elementor-heading-title elementor-size-default\">SOIXANTE-QUATRE CHANDELLES<\/h4>\t\t\t\t<\/div>\n\t\t\t\t<\/div>\n\t\t\t\t<div class=\"elementor-element elementor-element-1bffb12 elementor-widget elementor-widget-text-editor\" data-id=\"1bffb12\" data-element_type=\"widget\" data-widget_type=\"text-editor.default\">\n\t\t\t\t<div class=\"elementor-widget-container\">\n\t\t\t\t\t\t\t\t\t<p>MOBILIER \/ LUMINAIRE<\/p>\t\t\t\t\t\t\t\t<\/div>\n\t\t\t\t<\/div>\n\t\t\t\t<div class=\"elementor-element elementor-element-28e1ccd7 elementor-widget-divider--view-line elementor-widget elementor-widget-divider\" data-id=\"28e1ccd7\" data-element_type=\"widget\" data-widget_type=\"divider.default\">\n\t\t\t\t<div class=\"elementor-widget-container\">\n\t\t\t\t\t\t\t<div class=\"elementor-divider\">\n\t\t\t<span class=\"elementor-divider-separator\">\n\t\t\t\t\t\t<\/span>\n\t\t<\/div>\n\t\t\t\t\t\t<\/div>\n\t\t\t\t<\/div>\n\t\t\t\t\t<\/div>\n\t\t<\/div>\n\t\t\t\t\t<\/div>\n\t\t<\/section>\n\t\t\t\t<section class=\"elementor-section elementor-top-section elementor-element elementor-element-4d0c0696 elementor-section-full_width elementor-section-height-default elementor-section-height-default\" data-id=\"4d0c0696\" data-element_type=\"section\">\n\t\t\t\t\t\t<div class=\"elementor-container elementor-column-gap-default\">\n\t\t\t\t\t<div class=\"elementor-column elementor-col-33 elementor-top-column elementor-element elementor-element-4e5a5acb\" data-id=\"4e5a5acb\" data-element_type=\"column\">\n\t\t\t<div class=\"elementor-widget-wrap elementor-element-populated\">\n\t\t\t\t\t\t<div class=\"elementor-element elementor-element-5f1e0b14 elementor-widget elementor-widget-text-editor\" data-id=\"5f1e0b14\" data-element_type=\"widget\" data-widget_type=\"text-editor.default\">\n\t\t\t\t<div class=\"elementor-widget-container\">\n\t\t\t\t\t\t\t\t\t<p><span lang=\"en\">Lustre compos\u00e9 de 64 lampe LED en caoutchouc, c\u00e2bles textiles et orgue en acier thermolaqu\u00e9.<\/span><\/p><p>Ce luminaire est install\u00e9 \u00e0 l&rsquo;accueil du Centre de congr\u00e8s Prouv\u00e9 \u00e0 Nancy. Il fait partie de l&rsquo;ensemble mobilier du projet <em>Souvenir des \u00eeles<\/em>.<\/p>\t\t\t\t\t\t\t\t<\/div>\n\t\t\t\t<\/div>\n\t\t\t\t<div class=\"elementor-element elementor-element-e9d3e98 elementor-widget elementor-widget-text-editor\" data-id=\"e9d3e98\" data-element_type=\"widget\" data-widget_type=\"text-editor.default\">\n\t\t\t\t<div class=\"elementor-widget-container\">\n\t\t\t\t\t\t\t\t\t<h6><span style=\"color: #000000;\">DESIGN<\/span><span style=\"color: #5b5b5b;\"> . Benjamin Dufour &amp; <a href=\"http:\/\/www.gens.archi\/\">GENS association lib\u00e9rale d\u2019architecture<\/a><\/span><br \/><span style=\"color: #000000;\">ANN\u00c9E<\/span><span style=\"color: #5b5b5b;\"> . 2014<\/span><br \/><span style=\"color: #000000;\">PRODUCTION<\/span><span style=\"color: #5b5b5b;\"> . Communaut\u00e9 Urbaine du Grand Nancy<\/span><br \/><span style=\"color: #000000;\">BUDGET<\/span><span style=\"color: #5b5b5b;\"> . 560 000 \u20ac TVAC (budget total du projet)<\/span><br \/>PHOTOGRAPHIE<span style=\"color: #5b5b5b;\"> . <a href=\"https:\/\/www.ludmillacerveny.com\/\">Ludmilla Cerveny<\/a><\/span><\/h6>\t\t\t\t\t\t\t\t<\/div>\n\t\t\t\t<\/div>\n\t\t\t\t<div class=\"elementor-element elementor-element-4920e32 elementor-widget elementor-widget-spacer\" data-id=\"4920e32\" data-element_type=\"widget\" data-widget_type=\"spacer.default\">\n\t\t\t\t<div class=\"elementor-widget-container\">\n\t\t\t\t\t\t\t<div class=\"elementor-spacer\">\n\t\t\t<div class=\"elementor-spacer-inner\"><\/div>\n\t\t<\/div>\n\t\t\t\t\t\t<\/div>\n\t\t\t\t<\/div>\n\t\t\t\t\t<\/div>\n\t\t<\/div>\n\t\t\t\t<div class=\"elementor-column elementor-col-66 elementor-top-column elementor-element elementor-element-54312266\" data-id=\"54312266\" data-element_type=\"column\">\n\t\t\t<div class=\"elementor-widget-wrap elementor-element-populated\">\n\t\t\t\t\t\t<div class=\"elementor-element elementor-element-5582660d elementor-widget elementor-widget-spacer\" data-id=\"5582660d\" data-element_type=\"widget\" data-widget_type=\"spacer.default\">\n\t\t\t\t<div class=\"elementor-widget-container\">\n\t\t\t\t\t\t\t<div class=\"elementor-spacer\">\n\t\t\t<div class=\"elementor-spacer-inner\"><\/div>\n\t\t<\/div>\n\t\t\t\t\t\t<\/div>\n\t\t\t\t<\/div>\n\t\t\t\t\t<\/div>\n\t\t<\/div>\n\t\t\t\t\t<\/div>\n\t\t<\/section>\n\t\t\t\t<\/div>\n\t\t","protected":false},"excerpt":{"rendered":"<p>Lustre compos\u00e9 de 64 lampe LED en caoutchouc, c\u00e2bles textiles et orgue en acier thermolaqu\u00e9.<\/p>\n","protected":false},"featured_media":4151,"parent":0,"menu_order":0,"comment_status":"closed","ping_status":"closed","template":"","tags":[],"class_list":["post-1832","portfolio","type-portfolio","status-publish","has-post-thumbnail","hentry","project-category-luminaire","project-category-mobilier"],"yoast_head":"<!-- This site is optimized with the Yoast SEO plugin v26.7 - https:\/\/yoast.com\/wordpress\/plugins\/seo\/ -->\n<title>64 chandelles - Dufour Benjamin Design<\/title>\n<meta name=\"description\" content=\"Lustre r\u00e9alis\u00e9 dans le cadre du projet Souvenir des \u00eeles, ensemble mobilier pour le Centre de Congr\u00e8s Prouv\u00e9 \u00e0 Nancy.\" \/>\n<meta name=\"robots\" content=\"index, follow, max-snippet:-1, max-image-preview:large, max-video-preview:-1\" \/>\n<link rel=\"canonical\" href=\"https:\/\/dufourbenjamin.com\/design\/portfolio\/64-chandelles\/\" \/>\n<meta property=\"og:locale\" content=\"fr_FR\" \/>\n<meta property=\"og:type\" content=\"article\" \/>\n<meta property=\"og:title\" content=\"64 chandelles - Dufour Benjamin Design\" \/>\n<meta property=\"og:description\" content=\"Lustre compos\u00e9 de 64 lampe LED en caoutchouc, c\u00e2bles textiles et orgue en acier thermolaqu\u00e9.\" \/>\n<meta property=\"og:url\" content=\"https:\/\/dufourbenjamin.com\/design\/portfolio\/64-chandelles\/\" \/>\n<meta property=\"og:site_name\" content=\"Dufour Benjamin Design\" \/>\n<meta property=\"article:publisher\" content=\"https:\/\/www.facebook.com\/bendufourmail\/\" \/>\n<meta property=\"article:modified_time\" content=\"2022-02-04T23:31:51+00:00\" \/>\n<meta property=\"og:image\" content=\"https:\/\/dufourbenjamin.com\/design\/wp-content\/uploads\/sites\/2\/2022\/02\/projet-dufour-benjamin-db-gens-souvenir-des-iles-lustre-thumb.jpg\" \/>\n\t<meta property=\"og:image:width\" content=\"558\" \/>\n\t<meta property=\"og:image:height\" content=\"372\" \/>\n\t<meta property=\"og:image:type\" content=\"image\/jpeg\" \/>\n<meta name=\"twitter:label1\" content=\"Dur\u00e9e de lecture estim\u00e9e\" \/>\n\t<meta name=\"twitter:data1\" content=\"1 minute\" \/>\n<script type=\"application\/ld+json\" class=\"yoast-schema-graph\">{\"@context\":\"https:\/\/schema.org\",\"@graph\":[{\"@type\":\"WebPage\",\"@id\":\"https:\/\/dufourbenjamin.com\/design\/portfolio\/64-chandelles\/\",\"url\":\"https:\/\/dufourbenjamin.com\/design\/portfolio\/64-chandelles\/\",\"name\":\"64 chandelles - Dufour Benjamin Design\",\"isPartOf\":{\"@id\":\"https:\/\/dufourbenjamin.com\/design\/#website\"},\"primaryImageOfPage\":{\"@id\":\"https:\/\/dufourbenjamin.com\/design\/portfolio\/64-chandelles\/#primaryimage\"},\"image\":{\"@id\":\"https:\/\/dufourbenjamin.com\/design\/portfolio\/64-chandelles\/#primaryimage\"},\"thumbnailUrl\":\"https:\/\/dufourbenjamin.com\/design\/wp-content\/uploads\/sites\/2\/2022\/02\/projet-dufour-benjamin-db-gens-souvenir-des-iles-lustre-thumb.jpg\",\"datePublished\":\"2014-06-28T09:00:02+00:00\",\"dateModified\":\"2022-02-04T23:31:51+00:00\",\"description\":\"Lustre r\u00e9alis\u00e9 dans le cadre du projet Souvenir des \u00eeles, ensemble mobilier pour le Centre de Congr\u00e8s Prouv\u00e9 \u00e0 Nancy.\",\"breadcrumb\":{\"@id\":\"https:\/\/dufourbenjamin.com\/design\/portfolio\/64-chandelles\/#breadcrumb\"},\"inLanguage\":\"fr-FR\",\"potentialAction\":[{\"@type\":\"ReadAction\",\"target\":[\"https:\/\/dufourbenjamin.com\/design\/portfolio\/64-chandelles\/\"]}]},{\"@type\":\"ImageObject\",\"inLanguage\":\"fr-FR\",\"@id\":\"https:\/\/dufourbenjamin.com\/design\/portfolio\/64-chandelles\/#primaryimage\",\"url\":\"https:\/\/dufourbenjamin.com\/design\/wp-content\/uploads\/sites\/2\/2022\/02\/projet-dufour-benjamin-db-gens-souvenir-des-iles-lustre-thumb.jpg\",\"contentUrl\":\"https:\/\/dufourbenjamin.com\/design\/wp-content\/uploads\/sites\/2\/2022\/02\/projet-dufour-benjamin-db-gens-souvenir-des-iles-lustre-thumb.jpg\",\"width\":558,\"height\":372},{\"@type\":\"BreadcrumbList\",\"@id\":\"https:\/\/dufourbenjamin.com\/design\/portfolio\/64-chandelles\/#breadcrumb\",\"itemListElement\":[{\"@type\":\"ListItem\",\"position\":1,\"name\":\"Accueil\",\"item\":\"https:\/\/dufourbenjamin.com\/design\/\"},{\"@type\":\"ListItem\",\"position\":2,\"name\":\"mobilier\",\"item\":\"https:\/\/dufourbenjamin.com\/design\/project-category\/mobilier\/\"},{\"@type\":\"ListItem\",\"position\":3,\"name\":\"luminaire \/ objet\",\"item\":\"https:\/\/dufourbenjamin.com\/design\/project-category\/luminaire\/\"},{\"@type\":\"ListItem\",\"position\":4,\"name\":\"64 chandelles\"}]},{\"@type\":\"WebSite\",\"@id\":\"https:\/\/dufourbenjamin.com\/design\/#website\",\"url\":\"https:\/\/dufourbenjamin.com\/design\/\",\"name\":\"Dufour Benjamin Design\",\"description\":\"mobilier sur mesure &amp; design d&#039;int\u00e9rieur\",\"publisher\":{\"@id\":\"https:\/\/dufourbenjamin.com\/design\/#organization\"},\"potentialAction\":[{\"@type\":\"SearchAction\",\"target\":{\"@type\":\"EntryPoint\",\"urlTemplate\":\"https:\/\/dufourbenjamin.com\/design\/?s={search_term_string}\"},\"query-input\":{\"@type\":\"PropertyValueSpecification\",\"valueRequired\":true,\"valueName\":\"search_term_string\"}}],\"inLanguage\":\"fr-FR\"},{\"@type\":\"Organization\",\"@id\":\"https:\/\/dufourbenjamin.com\/design\/#organization\",\"name\":\"Benjamin Dufour\",\"url\":\"https:\/\/dufourbenjamin.com\/design\/\",\"logo\":{\"@type\":\"ImageObject\",\"inLanguage\":\"fr-FR\",\"@id\":\"https:\/\/dufourbenjamin.com\/design\/#\/schema\/logo\/image\/\",\"url\":\"http:\/\/dufourbenjamin.com\/design\/wp-content\/uploads\/sites\/2\/2022\/01\/dufour-benjamin-db-logo.png\",\"contentUrl\":\"http:\/\/dufourbenjamin.com\/design\/wp-content\/uploads\/sites\/2\/2022\/01\/dufour-benjamin-db-logo.png\",\"width\":512,\"height\":512,\"caption\":\"Benjamin Dufour\"},\"image\":{\"@id\":\"https:\/\/dufourbenjamin.com\/design\/#\/schema\/logo\/image\/\"},\"sameAs\":[\"https:\/\/www.facebook.com\/bendufourmail\/\",\"https:\/\/www.instagram.com\/bdufour_design\/\",\"https:\/\/www.youtube.com\/user\/brainparadox\/\"]}]}<\/script>\n<!-- \/ Yoast SEO plugin. -->","yoast_head_json":{"title":"64 chandelles - Dufour Benjamin Design","description":"Lustre r\u00e9alis\u00e9 dans le cadre du projet Souvenir des \u00eeles, ensemble mobilier pour le Centre de Congr\u00e8s Prouv\u00e9 \u00e0 Nancy.","robots":{"index":"index","follow":"follow","max-snippet":"max-snippet:-1","max-image-preview":"max-image-preview:large","max-video-preview":"max-video-preview:-1"},"canonical":"https:\/\/dufourbenjamin.com\/design\/portfolio\/64-chandelles\/","og_locale":"fr_FR","og_type":"article","og_title":"64 chandelles - Dufour Benjamin Design","og_description":"Lustre compos\u00e9 de 64 lampe LED en caoutchouc, c\u00e2bles textiles et orgue en acier thermolaqu\u00e9.","og_url":"https:\/\/dufourbenjamin.com\/design\/portfolio\/64-chandelles\/","og_site_name":"Dufour Benjamin Design","article_publisher":"https:\/\/www.facebook.com\/bendufourmail\/","article_modified_time":"2022-02-04T23:31:51+00:00","og_image":[{"width":558,"height":372,"url":"https:\/\/dufourbenjamin.com\/design\/wp-content\/uploads\/sites\/2\/2022\/02\/projet-dufour-benjamin-db-gens-souvenir-des-iles-lustre-thumb.jpg","type":"image\/jpeg"}],"twitter_misc":{"Dur\u00e9e de lecture estim\u00e9e":"1 minute"},"schema":{"@context":"https:\/\/schema.org","@graph":[{"@type":"WebPage","@id":"https:\/\/dufourbenjamin.com\/design\/portfolio\/64-chandelles\/","url":"https:\/\/dufourbenjamin.com\/design\/portfolio\/64-chandelles\/","name":"64 chandelles - Dufour Benjamin Design","isPartOf":{"@id":"https:\/\/dufourbenjamin.com\/design\/#website"},"primaryImageOfPage":{"@id":"https:\/\/dufourbenjamin.com\/design\/portfolio\/64-chandelles\/#primaryimage"},"image":{"@id":"https:\/\/dufourbenjamin.com\/design\/portfolio\/64-chandelles\/#primaryimage"},"thumbnailUrl":"https:\/\/dufourbenjamin.com\/design\/wp-content\/uploads\/sites\/2\/2022\/02\/projet-dufour-benjamin-db-gens-souvenir-des-iles-lustre-thumb.jpg","datePublished":"2014-06-28T09:00:02+00:00","dateModified":"2022-02-04T23:31:51+00:00","description":"Lustre r\u00e9alis\u00e9 dans le cadre du projet Souvenir des \u00eeles, ensemble mobilier pour le Centre de Congr\u00e8s Prouv\u00e9 \u00e0 Nancy.","breadcrumb":{"@id":"https:\/\/dufourbenjamin.com\/design\/portfolio\/64-chandelles\/#breadcrumb"},"inLanguage":"fr-FR","potentialAction":[{"@type":"ReadAction","target":["https:\/\/dufourbenjamin.com\/design\/portfolio\/64-chandelles\/"]}]},{"@type":"ImageObject","inLanguage":"fr-FR","@id":"https:\/\/dufourbenjamin.com\/design\/portfolio\/64-chandelles\/#primaryimage","url":"https:\/\/dufourbenjamin.com\/design\/wp-content\/uploads\/sites\/2\/2022\/02\/projet-dufour-benjamin-db-gens-souvenir-des-iles-lustre-thumb.jpg","contentUrl":"https:\/\/dufourbenjamin.com\/design\/wp-content\/uploads\/sites\/2\/2022\/02\/projet-dufour-benjamin-db-gens-souvenir-des-iles-lustre-thumb.jpg","width":558,"height":372},{"@type":"BreadcrumbList","@id":"https:\/\/dufourbenjamin.com\/design\/portfolio\/64-chandelles\/#breadcrumb","itemListElement":[{"@type":"ListItem","position":1,"name":"Accueil","item":"https:\/\/dufourbenjamin.com\/design\/"},{"@type":"ListItem","position":2,"name":"mobilier","item":"https:\/\/dufourbenjamin.com\/design\/project-category\/mobilier\/"},{"@type":"ListItem","position":3,"name":"luminaire \/ objet","item":"https:\/\/dufourbenjamin.com\/design\/project-category\/luminaire\/"},{"@type":"ListItem","position":4,"name":"64 chandelles"}]},{"@type":"WebSite","@id":"https:\/\/dufourbenjamin.com\/design\/#website","url":"https:\/\/dufourbenjamin.com\/design\/","name":"Dufour Benjamin Design","description":"mobilier sur mesure &amp; design d&#039;int\u00e9rieur","publisher":{"@id":"https:\/\/dufourbenjamin.com\/design\/#organization"},"potentialAction":[{"@type":"SearchAction","target":{"@type":"EntryPoint","urlTemplate":"https:\/\/dufourbenjamin.com\/design\/?s={search_term_string}"},"query-input":{"@type":"PropertyValueSpecification","valueRequired":true,"valueName":"search_term_string"}}],"inLanguage":"fr-FR"},{"@type":"Organization","@id":"https:\/\/dufourbenjamin.com\/design\/#organization","name":"Benjamin Dufour","url":"https:\/\/dufourbenjamin.com\/design\/","logo":{"@type":"ImageObject","inLanguage":"fr-FR","@id":"https:\/\/dufourbenjamin.com\/design\/#\/schema\/logo\/image\/","url":"http:\/\/dufourbenjamin.com\/design\/wp-content\/uploads\/sites\/2\/2022\/01\/dufour-benjamin-db-logo.png","contentUrl":"http:\/\/dufourbenjamin.com\/design\/wp-content\/uploads\/sites\/2\/2022\/01\/dufour-benjamin-db-logo.png","width":512,"height":512,"caption":"Benjamin Dufour"},"image":{"@id":"https:\/\/dufourbenjamin.com\/design\/#\/schema\/logo\/image\/"},"sameAs":["https:\/\/www.facebook.com\/bendufourmail\/","https:\/\/www.instagram.com\/bdufour_design\/","https:\/\/www.youtube.com\/user\/brainparadox\/"]}]}},"_links":{"self":[{"href":"https:\/\/dufourbenjamin.com\/design\/wp-json\/wp\/v2\/portfolio\/1832","targetHints":{"allow":["GET"]}}],"collection":[{"href":"https:\/\/dufourbenjamin.com\/design\/wp-json\/wp\/v2\/portfolio"}],"about":[{"href":"https:\/\/dufourbenjamin.com\/design\/wp-json\/wp\/v2\/types\/portfolio"}],"replies":[{"embeddable":true,"href":"https:\/\/dufourbenjamin.com\/design\/wp-json\/wp\/v2\/comments?post=1832"}],"version-history":[{"count":0,"href":"https:\/\/dufourbenjamin.com\/design\/wp-json\/wp\/v2\/portfolio\/1832\/revisions"}],"wp:featuredmedia":[{"embeddable":true,"href":"https:\/\/dufourbenjamin.com\/design\/wp-json\/wp\/v2\/media\/4151"}],"wp:attachment":[{"href":"https:\/\/dufourbenjamin.com\/design\/wp-json\/wp\/v2\/media?parent=1832"}],"wp:term":[{"taxonomy":"post_tag","embeddable":true,"href":"https:\/\/dufourbenjamin.com\/design\/wp-json\/wp\/v2\/tags?post=1832"}],"curies":[{"name":"wp","href":"https:\/\/api.w.org\/{rel}","templated":true}]}}