{"id":3828,"date":"2022-01-29T23:07:15","date_gmt":"2022-01-29T22:07:15","guid":{"rendered":"http:\/\/dufourbenjamin.com\/design\/?page_id=3828"},"modified":"2022-02-06T02:40:13","modified_gmt":"2022-02-06T01:40:13","slug":"a-propos","status":"publish","type":"page","link":"https:\/\/dufourbenjamin.com\/design\/a-propos\/","title":{"rendered":"\u00c0 propos"},"content":{"rendered":"\t\t<div data-elementor-type=\"wp-page\" data-elementor-id=\"3828\" class=\"elementor elementor-3828\">\n\t\t\t\t\t\t<section class=\"elementor-section elementor-top-section elementor-element elementor-element-6bc34a5d elementor-section-full_width elementor-section-height-default elementor-section-height-default\" data-id=\"6bc34a5d\" data-element_type=\"section\">\n\t\t\t\t\t\t<div class=\"elementor-container elementor-column-gap-default\">\n\t\t\t\t\t<div class=\"elementor-column elementor-col-100 elementor-top-column elementor-element elementor-element-4787d389\" data-id=\"4787d389\" data-element_type=\"column\">\n\t\t\t<div class=\"elementor-widget-wrap elementor-element-populated\">\n\t\t\t\t\t\t<div class=\"elementor-element elementor-element-74e58d51 elementor-widget elementor-widget-spacer\" data-id=\"74e58d51\" data-element_type=\"widget\" data-widget_type=\"spacer.default\">\n\t\t\t\t<div class=\"elementor-widget-container\">\n\t\t\t\t\t\t\t<div class=\"elementor-spacer\">\n\t\t\t<div class=\"elementor-spacer-inner\"><\/div>\n\t\t<\/div>\n\t\t\t\t\t\t<\/div>\n\t\t\t\t<\/div>\n\t\t\t\t\t<\/div>\n\t\t<\/div>\n\t\t\t\t\t<\/div>\n\t\t<\/section>\n\t\t\t\t<section class=\"elementor-section elementor-top-section elementor-element elementor-element-b055455 elementor-section-full_width elementor-section-content-top elementor-reverse-tablet elementor-reverse-mobile elementor-section-height-default elementor-section-height-default\" data-id=\"b055455\" data-element_type=\"section\" data-settings=\"{&quot;background_background&quot;:&quot;classic&quot;}\">\n\t\t\t\t\t\t<div class=\"elementor-container elementor-column-gap-default\">\n\t\t\t\t\t<div class=\"elementor-column elementor-col-50 elementor-top-column elementor-element elementor-element-a556edd\" data-id=\"a556edd\" data-element_type=\"column\" data-settings=\"{&quot;animation&quot;:&quot;none&quot;,&quot;animation_delay&quot;:200}\">\n\t\t\t<div class=\"elementor-widget-wrap elementor-element-populated\">\n\t\t\t\t\t\t<div class=\"elementor-element elementor-element-e7d0aa9 elementor-widget elementor-widget-image\" data-id=\"e7d0aa9\" data-element_type=\"widget\" data-widget_type=\"image.default\">\n\t\t\t\t<div class=\"elementor-widget-container\">\n\t\t\t\t\t\t\t\t\t\t\t\t\t\t\t<img loading=\"lazy\" decoding=\"async\" width=\"720\" height=\"1024\" src=\"https:\/\/dufourbenjamin.com\/design\/wp-content\/plugins\/native-lazyload\/assets\/images\/placeholder.svg\" class=\"attachment-large size-large wp-image-3944 native-lazyload-js-fallback\" alt=\"sch\u00e9ma d&#039;une cafeti\u00e8re Bialetti\" loading=\"lazy\" data-src=\"https:\/\/dufourbenjamin.com\/design\/wp-content\/uploads\/sites\/2\/2022\/01\/dufour-benjamin-db-bialetti-schema-red-720x1024.gif\" data-srcset=\"https:\/\/dufourbenjamin.com\/design\/wp-content\/uploads\/sites\/2\/2022\/01\/dufour-benjamin-db-bialetti-schema-red-720x1024.gif 720w, https:\/\/dufourbenjamin.com\/design\/wp-content\/uploads\/sites\/2\/2022\/01\/dufour-benjamin-db-bialetti-schema-red-211x300.gif 211w, https:\/\/dufourbenjamin.com\/design\/wp-content\/uploads\/sites\/2\/2022\/01\/dufour-benjamin-db-bialetti-schema-red-768x1092.gif 768w, https:\/\/dufourbenjamin.com\/design\/wp-content\/uploads\/sites\/2\/2022\/01\/dufour-benjamin-db-bialetti-schema-red-500x711.gif 500w, https:\/\/dufourbenjamin.com\/design\/wp-content\/uploads\/sites\/2\/2022\/01\/dufour-benjamin-db-bialetti-schema-red-300x427.gif 300w, https:\/\/dufourbenjamin.com\/design\/wp-content\/uploads\/sites\/2\/2022\/01\/dufour-benjamin-db-bialetti-schema-red-150x213.gif 150w, https:\/\/dufourbenjamin.com\/design\/wp-content\/uploads\/sites\/2\/2022\/01\/dufour-benjamin-db-bialetti-schema-red-600x853.gif 600w, https:\/\/dufourbenjamin.com\/design\/wp-content\/uploads\/sites\/2\/2022\/01\/dufour-benjamin-db-bialetti-schema-red-20x28.gif 20w\" data-sizes=\"(max-width: 720px) 100vw, 720px\" \/>\t\t\t\t\t\t\t\t\t\t\t\t\t\t\t<\/div>\n\t\t\t\t<\/div>\n\t\t\t\t<div class=\"elementor-element elementor-element-f7a918c elementor-widget elementor-widget-spacer\" data-id=\"f7a918c\" data-element_type=\"widget\" data-widget_type=\"spacer.default\">\n\t\t\t\t<div class=\"elementor-widget-container\">\n\t\t\t\t\t\t\t<div class=\"elementor-spacer\">\n\t\t\t<div class=\"elementor-spacer-inner\"><\/div>\n\t\t<\/div>\n\t\t\t\t\t\t<\/div>\n\t\t\t\t<\/div>\n\t\t\t\t\t<\/div>\n\t\t<\/div>\n\t\t\t\t<div class=\"elementor-column elementor-col-50 elementor-top-column elementor-element elementor-element-b8175ac\" data-id=\"b8175ac\" data-element_type=\"column\" data-settings=\"{&quot;animation&quot;:&quot;none&quot;,&quot;animation_delay&quot;:100}\">\n\t\t\t<div class=\"elementor-widget-wrap elementor-element-populated\">\n\t\t\t\t\t\t<div class=\"elementor-element elementor-element-bda50aa elementor-widget elementor-widget-text-editor\" data-id=\"bda50aa\" data-element_type=\"widget\" data-widget_type=\"text-editor.default\">\n\t\t\t\t<div class=\"elementor-widget-container\">\n\t\t\t\t\t\t\t\t\t<h6>Designer<\/h6>\t\t\t\t\t\t\t\t<\/div>\n\t\t\t\t<\/div>\n\t\t\t\t<div class=\"elementor-element elementor-element-e665cee elementor-hidden-desktop elementor-hidden-tablet elementor-hidden-mobile elementor-widget elementor-widget-shortcode\" data-id=\"e665cee\" data-element_type=\"widget\" data-widget_type=\"shortcode.default\">\n\t\t\t\t<div class=\"elementor-widget-container\">\n\t\t\t\t\t\t\t<div class=\"elementor-shortcode\"><div class=\"breadcrumb\" itemprop=\"breadcrumb\"><span><span><a href=\"https:\/\/dufourbenjamin.com\/design\/\">Accueil<\/a><\/span><\/span><\/div><\/div>\n\t\t\t\t\t\t<\/div>\n\t\t\t\t<\/div>\n\t\t\t\t<div class=\"elementor-element elementor-element-59681dc elementor-widget elementor-widget-heading\" data-id=\"59681dc\" data-element_type=\"widget\" data-widget_type=\"heading.default\">\n\t\t\t\t<div class=\"elementor-widget-container\">\n\t\t\t\t\t<h2 class=\"elementor-heading-title elementor-size-default\">BENJAMIN DUFOUR<\/h2>\t\t\t\t<\/div>\n\t\t\t\t<\/div>\n\t\t\t\t<div class=\"elementor-element elementor-element-b8780bb elementor-widget elementor-widget-spacer\" data-id=\"b8780bb\" data-element_type=\"widget\" data-widget_type=\"spacer.default\">\n\t\t\t\t<div class=\"elementor-widget-container\">\n\t\t\t\t\t\t\t<div class=\"elementor-spacer\">\n\t\t\t<div class=\"elementor-spacer-inner\"><\/div>\n\t\t<\/div>\n\t\t\t\t\t\t<\/div>\n\t\t\t\t<\/div>\n\t\t\t\t<div class=\"elementor-element elementor-element-5e94e0f elementor-widget elementor-widget-text-editor\" data-id=\"5e94e0f\" data-element_type=\"widget\" data-widget_type=\"text-editor.default\">\n\t\t\t\t<div class=\"elementor-widget-container\">\n\t\t\t\t\t\t\t\t\t<p>Dipl\u00f4m\u00e9 en 2007 des beaux-arts d\u2019Angoul\u00eame, Benjamin Dufour poursuit une activit\u00e9 d\u2019artiste dans les domaines de la sculpture, de l\u2019installation et de la musique. Il travaille avec de nombreuses institutions locales, nationales ou internationales pour diffuser ses \u0153uvres, et participe notamment \u00e0 diff\u00e9rents programmes de commandes publiques, dont certaines portant sur la cr\u00e9ation de mobilier. Il collabore ainsi avec des architectes et de nombreux autres corps de m\u00e9tiers d\u2019art et d\u2019artisanat.<\/p><p>Install\u00e9 en Belgique depuis 2014, il se consacre davantage au design \u00e0 l\u2019\u00e9chelle du mobilier ou de l\u2019architecture, en utilisant la sculpture, la sc\u00e9nographie, l\u2019histoire de l\u2019art. Son travail porte autant sur la conception du projet que sa r\u00e9alisation. Toujours curieux des m\u00e9thodes de fabrication et des mat\u00e9riaux, il manufacture souvent lui-m\u00eame les prototypes et les objets finis.<\/p><p>Outre les commandes en design d\u2019int\u00e9rieur et en d\u00e9coration pour des clients professionnels ou des particuliers, il cr\u00e9e du mobilier ou des dispositifs sur mesure, Il s\u2019associe r\u00e9guli\u00e8rement avec des cr\u00e9ateurs, des artisans ou des entreprises pour les projets plus cons\u00e9quents.<\/p><p>Depuis 2020, son atelier est install\u00e9 \u00e0 la Hulpe, \u00e0 proximit\u00e9 de Bruxelles.<\/p>\t\t\t\t\t\t\t\t<\/div>\n\t\t\t\t<\/div>\n\t\t\t\t<div class=\"elementor-element elementor-element-39dd512 elementor-widget elementor-widget-spacer\" data-id=\"39dd512\" data-element_type=\"widget\" data-widget_type=\"spacer.default\">\n\t\t\t\t<div class=\"elementor-widget-container\">\n\t\t\t\t\t\t\t<div class=\"elementor-spacer\">\n\t\t\t<div class=\"elementor-spacer-inner\"><\/div>\n\t\t<\/div>\n\t\t\t\t\t\t<\/div>\n\t\t\t\t<\/div>\n\t\t\t\t\t<\/div>\n\t\t<\/div>\n\t\t\t\t\t<\/div>\n\t\t<\/section>\n\t\t\t\t<\/div>\n\t\t","protected":false},"excerpt":{"rendered":"<p>Designer BENJAMIN DUFOUR Dipl\u00f4m\u00e9 en 2007 des beaux-arts d\u2019Angoul\u00eame, Benjamin Dufour poursuit une activit\u00e9 d\u2019artiste dans les domaines de la sculpture, de l\u2019installation et de la musique. Il travaille avec de nombreuses institutions locales, nationales ou internationales pour diffuser ses \u0153uvres, et participe notamment \u00e0 diff\u00e9rents programmes de commandes publiques, dont certaines portant sur la&hellip;<\/p>\n","protected":false},"author":1,"featured_media":4172,"parent":0,"menu_order":0,"comment_status":"closed","ping_status":"closed","template":"","meta":{"footnotes":""},"class_list":["post-3828","page","type-page","status-publish","has-post-thumbnail","hentry"],"yoast_head":"<!-- This site is optimized with the Yoast SEO plugin v26.7 - https:\/\/yoast.com\/wordpress\/plugins\/seo\/ -->\n<title>\u00c0 propos - Dufour Benjamin Design<\/title>\n<meta name=\"description\" content=\"En apprendre plus \u00e0 propos de Benjamin Dufour : son parcours et sa pratique du design mobilier ou du design d&#039;espace.\" \/>\n<meta name=\"robots\" content=\"index, follow, max-snippet:-1, max-image-preview:large, max-video-preview:-1\" \/>\n<link rel=\"canonical\" href=\"https:\/\/dufourbenjamin.com\/design\/a-propos\/\" \/>\n<meta property=\"og:locale\" content=\"fr_FR\" \/>\n<meta property=\"og:type\" content=\"article\" \/>\n<meta property=\"og:title\" content=\"\u00c0 propos - Dufour Benjamin Design\" \/>\n<meta property=\"og:description\" content=\"En apprendre plus \u00e0 propos de Benjamin Dufour : son parcours et sa pratique du design mobilier ou du design d&#039;espace.\" \/>\n<meta property=\"og:url\" content=\"https:\/\/dufourbenjamin.com\/design\/a-propos\/\" \/>\n<meta property=\"og:site_name\" content=\"Dufour Benjamin Design\" \/>\n<meta property=\"article:publisher\" content=\"https:\/\/www.facebook.com\/bendufourmail\/\" \/>\n<meta property=\"article:modified_time\" content=\"2022-02-06T01:40:13+00:00\" \/>\n<meta property=\"og:image\" content=\"https:\/\/dufourbenjamin.com\/design\/wp-content\/uploads\/sites\/2\/2022\/02\/site-a-propos-thumb.jpg\" \/>\n\t<meta property=\"og:image:width\" content=\"558\" \/>\n\t<meta property=\"og:image:height\" content=\"372\" \/>\n\t<meta property=\"og:image:type\" content=\"image\/jpeg\" \/>\n<meta name=\"twitter:label1\" content=\"Dur\u00e9e de lecture estim\u00e9e\" \/>\n\t<meta name=\"twitter:data1\" content=\"2 minutes\" \/>\n<script type=\"application\/ld+json\" class=\"yoast-schema-graph\">{\"@context\":\"https:\/\/schema.org\",\"@graph\":[{\"@type\":[\"WebPage\",\"AboutPage\"],\"@id\":\"https:\/\/dufourbenjamin.com\/design\/a-propos\/\",\"url\":\"https:\/\/dufourbenjamin.com\/design\/a-propos\/\",\"name\":\"\u00c0 propos - Dufour Benjamin Design\",\"isPartOf\":{\"@id\":\"https:\/\/dufourbenjamin.com\/design\/#website\"},\"primaryImageOfPage\":{\"@id\":\"https:\/\/dufourbenjamin.com\/design\/a-propos\/#primaryimage\"},\"image\":{\"@id\":\"https:\/\/dufourbenjamin.com\/design\/a-propos\/#primaryimage\"},\"thumbnailUrl\":\"https:\/\/dufourbenjamin.com\/design\/wp-content\/uploads\/sites\/2\/2022\/02\/site-a-propos-thumb.jpg\",\"datePublished\":\"2022-01-29T22:07:15+00:00\",\"dateModified\":\"2022-02-06T01:40:13+00:00\",\"description\":\"En apprendre plus \u00e0 propos de Benjamin Dufour : son parcours et sa pratique du design mobilier ou du design d'espace.\",\"breadcrumb\":{\"@id\":\"https:\/\/dufourbenjamin.com\/design\/a-propos\/#breadcrumb\"},\"inLanguage\":\"fr-FR\",\"potentialAction\":[{\"@type\":\"ReadAction\",\"target\":[\"https:\/\/dufourbenjamin.com\/design\/a-propos\/\"]}]},{\"@type\":\"ImageObject\",\"inLanguage\":\"fr-FR\",\"@id\":\"https:\/\/dufourbenjamin.com\/design\/a-propos\/#primaryimage\",\"url\":\"https:\/\/dufourbenjamin.com\/design\/wp-content\/uploads\/sites\/2\/2022\/02\/site-a-propos-thumb.jpg\",\"contentUrl\":\"https:\/\/dufourbenjamin.com\/design\/wp-content\/uploads\/sites\/2\/2022\/02\/site-a-propos-thumb.jpg\",\"width\":558,\"height\":372},{\"@type\":\"BreadcrumbList\",\"@id\":\"https:\/\/dufourbenjamin.com\/design\/a-propos\/#breadcrumb\",\"itemListElement\":[{\"@type\":\"ListItem\",\"position\":1,\"name\":\"Accueil\",\"item\":\"https:\/\/dufourbenjamin.com\/design\/\"},{\"@type\":\"ListItem\",\"position\":2,\"name\":\"\u00c0 propos\"}]},{\"@type\":\"WebSite\",\"@id\":\"https:\/\/dufourbenjamin.com\/design\/#website\",\"url\":\"https:\/\/dufourbenjamin.com\/design\/\",\"name\":\"Dufour Benjamin Design\",\"description\":\"mobilier sur mesure &amp; design d&#039;int\u00e9rieur\",\"publisher\":{\"@id\":\"https:\/\/dufourbenjamin.com\/design\/#organization\"},\"potentialAction\":[{\"@type\":\"SearchAction\",\"target\":{\"@type\":\"EntryPoint\",\"urlTemplate\":\"https:\/\/dufourbenjamin.com\/design\/?s={search_term_string}\"},\"query-input\":{\"@type\":\"PropertyValueSpecification\",\"valueRequired\":true,\"valueName\":\"search_term_string\"}}],\"inLanguage\":\"fr-FR\"},{\"@type\":\"Organization\",\"@id\":\"https:\/\/dufourbenjamin.com\/design\/#organization\",\"name\":\"Benjamin Dufour\",\"url\":\"https:\/\/dufourbenjamin.com\/design\/\",\"logo\":{\"@type\":\"ImageObject\",\"inLanguage\":\"fr-FR\",\"@id\":\"https:\/\/dufourbenjamin.com\/design\/#\/schema\/logo\/image\/\",\"url\":\"http:\/\/dufourbenjamin.com\/design\/wp-content\/uploads\/sites\/2\/2022\/01\/dufour-benjamin-db-logo.png\",\"contentUrl\":\"http:\/\/dufourbenjamin.com\/design\/wp-content\/uploads\/sites\/2\/2022\/01\/dufour-benjamin-db-logo.png\",\"width\":512,\"height\":512,\"caption\":\"Benjamin Dufour\"},\"image\":{\"@id\":\"https:\/\/dufourbenjamin.com\/design\/#\/schema\/logo\/image\/\"},\"sameAs\":[\"https:\/\/www.facebook.com\/bendufourmail\/\",\"https:\/\/www.instagram.com\/bdufour_design\/\",\"https:\/\/www.youtube.com\/user\/brainparadox\/\"]}]}<\/script>\n<!-- \/ Yoast SEO plugin. -->","yoast_head_json":{"title":"\u00c0 propos - Dufour Benjamin Design","description":"En apprendre plus \u00e0 propos de Benjamin Dufour : son parcours et sa pratique du design mobilier ou du design d'espace.","robots":{"index":"index","follow":"follow","max-snippet":"max-snippet:-1","max-image-preview":"max-image-preview:large","max-video-preview":"max-video-preview:-1"},"canonical":"https:\/\/dufourbenjamin.com\/design\/a-propos\/","og_locale":"fr_FR","og_type":"article","og_title":"\u00c0 propos - Dufour Benjamin Design","og_description":"En apprendre plus \u00e0 propos de Benjamin Dufour : son parcours et sa pratique du design mobilier ou du design d'espace.","og_url":"https:\/\/dufourbenjamin.com\/design\/a-propos\/","og_site_name":"Dufour Benjamin Design","article_publisher":"https:\/\/www.facebook.com\/bendufourmail\/","article_modified_time":"2022-02-06T01:40:13+00:00","og_image":[{"width":558,"height":372,"url":"https:\/\/dufourbenjamin.com\/design\/wp-content\/uploads\/sites\/2\/2022\/02\/site-a-propos-thumb.jpg","type":"image\/jpeg"}],"twitter_misc":{"Dur\u00e9e de lecture estim\u00e9e":"2 minutes"},"schema":{"@context":"https:\/\/schema.org","@graph":[{"@type":["WebPage","AboutPage"],"@id":"https:\/\/dufourbenjamin.com\/design\/a-propos\/","url":"https:\/\/dufourbenjamin.com\/design\/a-propos\/","name":"\u00c0 propos - Dufour Benjamin Design","isPartOf":{"@id":"https:\/\/dufourbenjamin.com\/design\/#website"},"primaryImageOfPage":{"@id":"https:\/\/dufourbenjamin.com\/design\/a-propos\/#primaryimage"},"image":{"@id":"https:\/\/dufourbenjamin.com\/design\/a-propos\/#primaryimage"},"thumbnailUrl":"https:\/\/dufourbenjamin.com\/design\/wp-content\/uploads\/sites\/2\/2022\/02\/site-a-propos-thumb.jpg","datePublished":"2022-01-29T22:07:15+00:00","dateModified":"2022-02-06T01:40:13+00:00","description":"En apprendre plus \u00e0 propos de Benjamin Dufour : son parcours et sa pratique du design mobilier ou du design d'espace.","breadcrumb":{"@id":"https:\/\/dufourbenjamin.com\/design\/a-propos\/#breadcrumb"},"inLanguage":"fr-FR","potentialAction":[{"@type":"ReadAction","target":["https:\/\/dufourbenjamin.com\/design\/a-propos\/"]}]},{"@type":"ImageObject","inLanguage":"fr-FR","@id":"https:\/\/dufourbenjamin.com\/design\/a-propos\/#primaryimage","url":"https:\/\/dufourbenjamin.com\/design\/wp-content\/uploads\/sites\/2\/2022\/02\/site-a-propos-thumb.jpg","contentUrl":"https:\/\/dufourbenjamin.com\/design\/wp-content\/uploads\/sites\/2\/2022\/02\/site-a-propos-thumb.jpg","width":558,"height":372},{"@type":"BreadcrumbList","@id":"https:\/\/dufourbenjamin.com\/design\/a-propos\/#breadcrumb","itemListElement":[{"@type":"ListItem","position":1,"name":"Accueil","item":"https:\/\/dufourbenjamin.com\/design\/"},{"@type":"ListItem","position":2,"name":"\u00c0 propos"}]},{"@type":"WebSite","@id":"https:\/\/dufourbenjamin.com\/design\/#website","url":"https:\/\/dufourbenjamin.com\/design\/","name":"Dufour Benjamin Design","description":"mobilier sur mesure &amp; design d&#039;int\u00e9rieur","publisher":{"@id":"https:\/\/dufourbenjamin.com\/design\/#organization"},"potentialAction":[{"@type":"SearchAction","target":{"@type":"EntryPoint","urlTemplate":"https:\/\/dufourbenjamin.com\/design\/?s={search_term_string}"},"query-input":{"@type":"PropertyValueSpecification","valueRequired":true,"valueName":"search_term_string"}}],"inLanguage":"fr-FR"},{"@type":"Organization","@id":"https:\/\/dufourbenjamin.com\/design\/#organization","name":"Benjamin Dufour","url":"https:\/\/dufourbenjamin.com\/design\/","logo":{"@type":"ImageObject","inLanguage":"fr-FR","@id":"https:\/\/dufourbenjamin.com\/design\/#\/schema\/logo\/image\/","url":"http:\/\/dufourbenjamin.com\/design\/wp-content\/uploads\/sites\/2\/2022\/01\/dufour-benjamin-db-logo.png","contentUrl":"http:\/\/dufourbenjamin.com\/design\/wp-content\/uploads\/sites\/2\/2022\/01\/dufour-benjamin-db-logo.png","width":512,"height":512,"caption":"Benjamin Dufour"},"image":{"@id":"https:\/\/dufourbenjamin.com\/design\/#\/schema\/logo\/image\/"},"sameAs":["https:\/\/www.facebook.com\/bendufourmail\/","https:\/\/www.instagram.com\/bdufour_design\/","https:\/\/www.youtube.com\/user\/brainparadox\/"]}]}},"_links":{"self":[{"href":"https:\/\/dufourbenjamin.com\/design\/wp-json\/wp\/v2\/pages\/3828","targetHints":{"allow":["GET"]}}],"collection":[{"href":"https:\/\/dufourbenjamin.com\/design\/wp-json\/wp\/v2\/pages"}],"about":[{"href":"https:\/\/dufourbenjamin.com\/design\/wp-json\/wp\/v2\/types\/page"}],"author":[{"embeddable":true,"href":"https:\/\/dufourbenjamin.com\/design\/wp-json\/wp\/v2\/users\/1"}],"replies":[{"embeddable":true,"href":"https:\/\/dufourbenjamin.com\/design\/wp-json\/wp\/v2\/comments?post=3828"}],"version-history":[{"count":3,"href":"https:\/\/dufourbenjamin.com\/design\/wp-json\/wp\/v2\/pages\/3828\/revisions"}],"predecessor-version":[{"id":4961,"href":"https:\/\/dufourbenjamin.com\/design\/wp-json\/wp\/v2\/pages\/3828\/revisions\/4961"}],"wp:featuredmedia":[{"embeddable":true,"href":"https:\/\/dufourbenjamin.com\/design\/wp-json\/wp\/v2\/media\/4172"}],"wp:attachment":[{"href":"https:\/\/dufourbenjamin.com\/design\/wp-json\/wp\/v2\/media?parent=3828"}],"curies":[{"name":"wp","href":"https:\/\/api.w.org\/{rel}","templated":true}]}}